{"id":813,"date":"2024-09-18T13:58:44","date_gmt":"2024-09-18T11:58:44","guid":{"rendered":"https:\/\/uztarroz.es\/bandoak-eta-oharrak\/"},"modified":"2025-09-25T18:42:56","modified_gmt":"2025-09-25T16:42:56","slug":"bandoak-eta-oharrak","status":"publish","type":"page","link":"https:\/\/uztarroz.es\/eu\/bandoak-eta-oharrak\/","title":{"rendered":"Bandoak eta oharrak"},"content":{"rendered":"<p>[et_pb_section fb_built=&#8221;1&#8243; _builder_version=&#8221;4.27.0&#8243; _module_preset=&#8221;default&#8221; border_width_bottom=&#8221;1px&#8221; border_color_bottom=&#8221;#000000&#8243; border_style_bottom=&#8221;dotted&#8221; global_colors_info=&#8221;{}&#8221;][et_pb_row _builder_version=&#8221;4.27.0&#8243; _module_preset=&#8221;default&#8221; global_colors_info=&#8221;{}&#8221;][et_pb_column type=&#8221;4_4&#8243; _builder_version=&#8221;4.27.0&#8243; _module_preset=&#8221;default&#8221; global_colors_info=&#8221;{}&#8221;][et_pb_post_title meta=&#8221;off&#8221; featured_image=&#8221;off&#8221; _builder_version=&#8221;4.27.0&#8243; _module_preset=&#8221;default&#8221; title_font=&#8221;|700|||||||&#8221; border_width_bottom=&#8221;1px&#8221; border_style_bottom=&#8221;dotted&#8221; global_colors_info=&#8221;{}&#8221;][\/et_pb_post_title][\/et_pb_column][\/et_pb_row][et_pb_row column_structure=&#8221;1_5,1_5,1_5,1_5,1_5&#8243; admin_label=&#8221;2024&#8243; _builder_version=&#8221;4.27.0&#8243; _module_preset=&#8221;default&#8221; global_colors_info=&#8221;{}&#8221;][et_pb_column type=&#8221;1_5&#8243; _builder_version=&#8221;4.27.0&#8243; _module_preset=&#8221;default&#8221; global_colors_info=&#8221;{}&#8221;][et_pb_blurb title=&#8221;2024\/07\/05&#8243; url=&#8221;@ET-DC@eyJkeW5hbWljIjp0cnVlLCJjb250ZW50IjoicG9zdF9saW5rX3VybF9hdHRhY2htZW50Iiwic2V0dGluZ3MiOnsicG9zdF9pZCI6IjY3NyJ9fQ==@&#8221; url_new_window=&#8221;on&#8221; image=&#8221;https:\/\/uztarroz.es\/wp-content\/uploads\/2024\/09\/icono-bandos-y-avisos.png&#8221; alt=&#8221;Bandoen eta oharren ikonoak&#8221; admin_label=&#8221;05\/07\/2024. Limpieza de calles y aparcamiento&#8221; _builder_version=&#8221;4.27.2&#8243; _dynamic_attributes=&#8221;url,link_option_url&#8221; _module_preset=&#8221;default&#8221; text_orientation=&#8221;center&#8221; link_option_url=&#8221;@ET-DC@eyJkeW5hbWljIjp0cnVlLCJjb250ZW50IjoicG9zdF9saW5rX3VybF9hdHRhY2htZW50Iiwic2V0dGluZ3MiOnsicG9zdF9pZCI6IjY3NyJ9fQ==@&#8221; link_option_url_new_window=&#8221;on&#8221; global_colors_info=&#8221;{}&#8221;]<\/p>\n<p>Herriko festak. Kale garbiketa eta aparkatzea<\/p>\n<p>[\/et_pb_blurb][\/et_pb_column][et_pb_column type=&#8221;1_5&#8243; _builder_version=&#8221;4.27.0&#8243; _module_preset=&#8221;default&#8221; global_colors_info=&#8221;{}&#8221;][et_pb_blurb title=&#8221;2024\/08\/16&#8243; url=&#8221;@ET-DC@eyJkeW5hbWljIjp0cnVlLCJjb250ZW50IjoicG9zdF9saW5rX3VybF9hdHRhY2htZW50Iiwic2V0dGluZ3MiOnsicG9zdF9pZCI6IjY3OCJ9fQ==@&#8221; url_new_window=&#8221;on&#8221; image=&#8221;https:\/\/uztarroz.es\/wp-content\/uploads\/2024\/09\/icono-bandos-y-avisos.png&#8221; alt=&#8221;Bandoen eta oharren ikonoak&#8221; admin_label=&#8221;16\/08\/2024. Emergencia con el agua&#8221; _builder_version=&#8221;4.27.2&#8243; _dynamic_attributes=&#8221;url,link_option_url&#8221; _module_preset=&#8221;default&#8221; text_orientation=&#8221;center&#8221; link_option_url=&#8221;@ET-DC@eyJkeW5hbWljIjp0cnVlLCJjb250ZW50IjoicG9zdF9saW5rX3VybF9hdHRhY2htZW50Iiwic2V0dGluZ3MiOnsicG9zdF9pZCI6IjY3OCJ9fQ==@&#8221; link_option_url_new_window=&#8221;on&#8221; global_colors_info=&#8221;{}&#8221;]<\/p>\n<p>Ur larrialdia<\/p>\n<p>[\/et_pb_blurb][\/et_pb_column][et_pb_column type=&#8221;1_5&#8243; _builder_version=&#8221;4.27.0&#8243; _module_preset=&#8221;default&#8221; global_colors_info=&#8221;{}&#8221;][et_pb_blurb title=&#8221;2024\/09\/19&#8243; url=&#8221;@ET-DC@eyJkeW5hbWljIjp0cnVlLCJjb250ZW50IjoicG9zdF9saW5rX3VybF9hdHRhY2htZW50Iiwic2V0dGluZ3MiOnsicG9zdF9pZCI6IjY3OSJ9fQ==@&#8221; url_new_window=&#8221;on&#8221; image=&#8221;https:\/\/uztarroz.es\/wp-content\/uploads\/2024\/09\/icono-bandos-y-avisos.png&#8221; alt=&#8221;Bandoen eta oharren ikonoak&#8221; admin_label=&#8221;19\/09\/2024. Inspecci\u00f3n t\u00e9cnica de veh\u00edculos&#8221; _builder_version=&#8221;4.27.2&#8243; _dynamic_attributes=&#8221;url,link_option_url&#8221; _module_preset=&#8221;default&#8221; text_orientation=&#8221;center&#8221; link_option_url=&#8221;@ET-DC@eyJkeW5hbWljIjp0cnVlLCJjb250ZW50IjoicG9zdF9saW5rX3VybF9hdHRhY2htZW50Iiwic2V0dGluZ3MiOnsicG9zdF9pZCI6IjY3OSJ9fQ==@&#8221; link_option_url_new_window=&#8221;on&#8221; global_colors_info=&#8221;{}&#8221;]<\/p>\n<p>Ibilgailuen azterketa teknikoa<\/p>\n<p>[\/et_pb_blurb][\/et_pb_column][et_pb_column type=&#8221;1_5&#8243; _builder_version=&#8221;4.27.0&#8243; _module_preset=&#8221;default&#8221; global_colors_info=&#8221;{}&#8221;][et_pb_blurb title=&#8221;2024\/11\/04&#8243; url=&#8221;@ET-DC@eyJkeW5hbWljIjp0cnVlLCJjb250ZW50IjoicG9zdF9saW5rX3VybF9hdHRhY2htZW50Iiwic2V0dGluZ3MiOnsicG9zdF9pZCI6IjE3NDcifX0=@&#8221; url_new_window=&#8221;on&#8221; image=&#8221;https:\/\/uztarroz.es\/wp-content\/uploads\/2024\/09\/icono-bandos-y-avisos.png&#8221; alt=&#8221;Bandoen eta oharren ikonoak&#8221; admin_label=&#8221;04\/11\/2024. Corte carretera Laza&#8221; _builder_version=&#8221;4.27.4&#8243; _dynamic_attributes=&#8221;url,link_option_url&#8221; _module_preset=&#8221;default&#8221; text_orientation=&#8221;center&#8221; link_option_url=&#8221;@ET-DC@eyJkeW5hbWljIjp0cnVlLCJjb250ZW50IjoicG9zdF9saW5rX3VybF9hdHRhY2htZW50Iiwic2V0dGluZ3MiOnsicG9zdF9pZCI6IjY3OSJ9fQ==@&#8221; link_option_url_new_window=&#8221;on&#8221; global_colors_info=&#8221;{}&#8221;]<\/p>\n<p>Lazako errepidea ixtea<\/p>\n<p>[\/et_pb_blurb][\/et_pb_column][et_pb_column type=&#8221;1_5&#8243; _builder_version=&#8221;4.27.0&#8243; _module_preset=&#8221;default&#8221; global_colors_info=&#8221;{}&#8221;][et_pb_blurb title=&#8221;2024\/12\/31&#8243; url=&#8221;@ET-DC@eyJkeW5hbWljIjp0cnVlLCJjb250ZW50IjoicG9zdF9saW5rX3VybF9hdHRhY2htZW50Iiwic2V0dGluZ3MiOnsicG9zdF9pZCI6IjE3NTMifX0=@&#8221; url_new_window=&#8221;on&#8221; image=&#8221;https:\/\/uztarroz.es\/wp-content\/uploads\/2024\/09\/icono-bandos-y-avisos.png&#8221; alt=&#8221;Bandoen eta oharren ikonoak&#8221; admin_label=&#8221;31\/12\/2024.  ETXEZ-ETXEKO TAMAINA HANDIKOHONDAKINEN BILKETA ZERBITZUA&#8221; _builder_version=&#8221;4.27.4&#8243; _dynamic_attributes=&#8221;url,link_option_url&#8221; _module_preset=&#8221;default&#8221; text_orientation=&#8221;center&#8221; link_option_url=&#8221;@ET-DC@eyJkeW5hbWljIjp0cnVlLCJjb250ZW50IjoicG9zdF9saW5rX3VybF9hdHRhY2htZW50Iiwic2V0dGluZ3MiOnsicG9zdF9pZCI6IjY3OSJ9fQ==@&#8221; link_option_url_new_window=&#8221;on&#8221; global_colors_info=&#8221;{}&#8221;]<\/p>\n<p>Etxez-etxeko tamaina handiko hondakinen bilketa zerbitzua<\/p>\n<p>[\/et_pb_blurb][\/et_pb_column][\/et_pb_row][et_pb_row column_structure=&#8221;1_5,1_5,1_5,1_5,1_5&#8243; admin_label=&#8221;2025&#8243; _builder_version=&#8221;4.27.0&#8243; _module_preset=&#8221;default&#8221; global_colors_info=&#8221;{}&#8221;][et_pb_column type=&#8221;1_5&#8243; _builder_version=&#8221;4.27.0&#8243; _module_preset=&#8221;default&#8221; global_colors_info=&#8221;{}&#8221;][et_pb_blurb title=&#8221;2025\/03\/08&#8243; url=&#8221;@ET-DC@eyJkeW5hbWljIjp0cnVlLCJjb250ZW50IjoicG9zdF9saW5rX3VybF9hdHRhY2htZW50Iiwic2V0dGluZ3MiOnsicG9zdF9pZCI6IjE3NTcifX0=@&#8221; url_new_window=&#8221;on&#8221; image=&#8221;https:\/\/uztarroz.es\/wp-content\/uploads\/2024\/09\/icono-bandos-y-avisos.png&#8221; alt=&#8221;Bandoen eta oharren ikonoak&#8221; admin_label=&#8221;08\/03\/2025. M-8 adierazpena&#8221; _builder_version=&#8221;4.27.4&#8243; _dynamic_attributes=&#8221;url,link_option_url&#8221; _module_preset=&#8221;default&#8221; text_orientation=&#8221;center&#8221; link_option_url=&#8221;@ET-DC@eyJkeW5hbWljIjp0cnVlLCJjb250ZW50IjoicG9zdF9saW5rX3VybF9hdHRhY2htZW50Iiwic2V0dGluZ3MiOnsicG9zdF9pZCI6IjY3NyJ9fQ==@&#8221; link_option_url_new_window=&#8221;on&#8221; global_colors_info=&#8221;{}&#8221;]<\/p>\n<p>M-8ko adierazpen instituzionala<\/p>\n<p>[\/et_pb_blurb][et_pb_blurb title=&#8221;2025\/07\/21&#8243; url=&#8221;@ET-DC@eyJkeW5hbWljIjp0cnVlLCJjb250ZW50IjoicG9zdF9saW5rX3VybF9hdHRhY2htZW50Iiwic2V0dGluZ3MiOnsicG9zdF9pZCI6IjE3NzQifX0=@&#8221; url_new_window=&#8221;on&#8221; image=&#8221;https:\/\/uztarroz.es\/wp-content\/uploads\/2024\/09\/icono-bandos-y-avisos.png&#8221; alt=&#8221;Bandoen eta oharren ikonoak&#8221; admin_label=&#8221;21\/07\/2025. Herri asanblada&#8221; _builder_version=&#8221;4.27.4&#8243; _dynamic_attributes=&#8221;url,link_option_url&#8221; _module_preset=&#8221;default&#8221; text_orientation=&#8221;center&#8221; link_option_url=&#8221;@ET-DC@eyJkeW5hbWljIjp0cnVlLCJjb250ZW50IjoicG9zdF9saW5rX3VybF9hdHRhY2htZW50Iiwic2V0dGluZ3MiOnsicG9zdF9pZCI6IjY3NyJ9fQ==@&#8221; link_option_url_new_window=&#8221;on&#8221; global_colors_info=&#8221;{}&#8221;]<\/p>\n<p>Herri asanblada<\/p>\n<p>[\/et_pb_blurb][et_pb_blurb title=&#8221;2025\/09\/01&#8243; url=&#8221;@ET-DC@eyJkeW5hbWljIjp0cnVlLCJjb250ZW50IjoicG9zdF9saW5rX3VybF9hdHRhY2htZW50Iiwic2V0dGluZ3MiOnsicG9zdF9pZCI6IjE4NjkifX0=@&#8221; url_new_window=&#8221;on&#8221; image=&#8221;https:\/\/uztarroz.es\/wp-content\/uploads\/2024\/09\/icono-bandos-y-avisos.png&#8221; alt=&#8221;Bandoen eta oharren ikonoak&#8221; admin_label=&#8221;01\/09\/2025. Zakardal&#8221; _builder_version=&#8221;4.27.4&#8243; _dynamic_attributes=&#8221;url,link_option_url&#8221; _module_preset=&#8221;default&#8221; text_orientation=&#8221;center&#8221; link_option_url=&#8221;@ET-DC@eyJkeW5hbWljIjp0cnVlLCJjb250ZW50IjoicG9zdF9saW5rX3VybF9hdHRhY2htZW50Iiwic2V0dGluZ3MiOnsicG9zdF9pZCI6IjY3NyJ9fQ==@&#8221; link_option_url_new_window=&#8221;on&#8221; hover_enabled=&#8221;0&#8243; global_colors_info=&#8221;{}&#8221; sticky_enabled=&#8221;0&#8243;]<\/p>\n<p>Zakardal<\/p>\n<p>[\/et_pb_blurb][\/et_pb_column][et_pb_column type=&#8221;1_5&#8243; _builder_version=&#8221;4.27.0&#8243; _module_preset=&#8221;default&#8221; global_colors_info=&#8221;{}&#8221;][et_pb_blurb title=&#8221;2025\/04\/02&#8243; url=&#8221;@ET-DC@eyJkeW5hbWljIjp0cnVlLCJjb250ZW50IjoicG9zdF9saW5rX3VybF9hdHRhY2htZW50Iiwic2V0dGluZ3MiOnsicG9zdF9pZCI6IjE3NTkifX0=@&#8221; url_new_window=&#8221;on&#8221; image=&#8221;https:\/\/uztarroz.es\/wp-content\/uploads\/2024\/09\/icono-bandos-y-avisos.png&#8221; alt=&#8221;Bandoen eta oharren ikonoak&#8221; admin_label=&#8221;02\/04\/2025. Zuhaitz mozketa Lazako errepidean&#8221; _builder_version=&#8221;4.27.4&#8243; _dynamic_attributes=&#8221;url,link_option_url&#8221; _module_preset=&#8221;default&#8221; text_orientation=&#8221;center&#8221; link_option_url=&#8221;@ET-DC@eyJkeW5hbWljIjp0cnVlLCJjb250ZW50IjoicG9zdF9saW5rX3VybF9hdHRhY2htZW50Iiwic2V0dGluZ3MiOnsicG9zdF9pZCI6IjY3OCJ9fQ==@&#8221; link_option_url_new_window=&#8221;on&#8221; global_colors_info=&#8221;{}&#8221;]<\/p>\n<p>Zuhaitz mozketa Lazako errepidean<\/p>\n<p>[\/et_pb_blurb][et_pb_blurb title=&#8221;2025\/07\/21&#8243; url=&#8221;@ET-DC@eyJkeW5hbWljIjp0cnVlLCJjb250ZW50IjoicG9zdF9saW5rX3VybF9hdHRhY2htZW50Iiwic2V0dGluZ3MiOnsicG9zdF9pZCI6IjE3NzcifX0=@&#8221; url_new_window=&#8221;on&#8221; image=&#8221;https:\/\/uztarroz.es\/wp-content\/uploads\/2024\/09\/icono-bandos-y-avisos.png&#8221; alt=&#8221;Bandoen eta oharren ikonoak&#8221; admin_label=&#8221;21\/07\/2025. Erasoa herriko xeietan&#8221; _builder_version=&#8221;4.27.4&#8243; _dynamic_attributes=&#8221;url,link_option_url&#8221; _module_preset=&#8221;default&#8221; text_orientation=&#8221;center&#8221; link_option_url=&#8221;@ET-DC@eyJkeW5hbWljIjp0cnVlLCJjb250ZW50IjoicG9zdF9saW5rX3VybF9hdHRhY2htZW50Iiwic2V0dGluZ3MiOnsicG9zdF9pZCI6IjY3OCJ9fQ==@&#8221; link_option_url_new_window=&#8221;on&#8221; global_colors_info=&#8221;{}&#8221;]<\/p>\n<p>Erasoa herriko xeietan<\/p>\n<p>[\/et_pb_blurb][et_pb_blurb title=&#8221;2025\/09\/25&#8243; url=&#8221;@ET-DC@eyJkeW5hbWljIjp0cnVlLCJjb250ZW50IjoicG9zdF9saW5rX3VybF9hdHRhY2htZW50Iiwic2V0dGluZ3MiOnsicG9zdF9pZCI6IjE4NjcifX0=@&#8221; url_new_window=&#8221;on&#8221; image=&#8221;https:\/\/uztarroz.es\/wp-content\/uploads\/2024\/09\/icono-bandos-y-avisos.png&#8221; alt=&#8221;Bandoen eta oharren ikonoak&#8221; admin_label=&#8221;25\/09\/2025. Elizako obrak&#8221; _builder_version=&#8221;4.27.4&#8243; _dynamic_attributes=&#8221;url,link_option_url&#8221; _module_preset=&#8221;default&#8221; text_orientation=&#8221;center&#8221; link_option_url=&#8221;@ET-DC@eyJkeW5hbWljIjp0cnVlLCJjb250ZW50IjoicG9zdF9saW5rX3VybF9hdHRhY2htZW50Iiwic2V0dGluZ3MiOnsicG9zdF9pZCI6IjY3OCJ9fQ==@&#8221; link_option_url_new_window=&#8221;on&#8221; hover_enabled=&#8221;0&#8243; global_colors_info=&#8221;{}&#8221; sticky_enabled=&#8221;0&#8243;]<\/p>\n<p>Elizako obrak<\/p>\n<p>[\/et_pb_blurb][\/et_pb_column][et_pb_column type=&#8221;1_5&#8243; _builder_version=&#8221;4.27.0&#8243; _module_preset=&#8221;default&#8221; global_colors_info=&#8221;{}&#8221;][et_pb_blurb title=&#8221;2025\/05\/22&#8243; url=&#8221;@ET-DC@eyJkeW5hbWljIjp0cnVlLCJjb250ZW50IjoicG9zdF9saW5rX3VybF9hdHRhY2htZW50Iiwic2V0dGluZ3MiOnsicG9zdF9pZCI6IjE3NjEifX0=@&#8221; url_new_window=&#8221;on&#8221; image=&#8221;https:\/\/uztarroz.es\/wp-content\/uploads\/2024\/09\/icono-bandos-y-avisos.png&#8221; alt=&#8221;Bandoen eta oharren ikonoak&#8221; admin_label=&#8221;22\/05\/2025. Aparkalekuen kudeaketa&#8221; _builder_version=&#8221;4.27.4&#8243; _dynamic_attributes=&#8221;url,link_option_url&#8221; _module_preset=&#8221;default&#8221; text_orientation=&#8221;center&#8221; link_option_url=&#8221;@ET-DC@eyJkeW5hbWljIjp0cnVlLCJjb250ZW50IjoicG9zdF9saW5rX3VybF9hdHRhY2htZW50Iiwic2V0dGluZ3MiOnsicG9zdF9pZCI6IjY3OSJ9fQ==@&#8221; link_option_url_new_window=&#8221;on&#8221; global_colors_info=&#8221;{}&#8221;]<\/p>\n<p>Aparkalekuen kudeaketa<\/p>\n<p>[\/et_pb_blurb][et_pb_blurb title=&#8221;2025\/07\/28&#8243; url=&#8221;@ET-DC@eyJkeW5hbWljIjp0cnVlLCJjb250ZW50IjoicG9zdF9saW5rX3VybF9hdHRhY2htZW50Iiwic2V0dGluZ3MiOnsicG9zdF9pZCI6IjE3NzkifX0=@&#8221; url_new_window=&#8221;on&#8221; image=&#8221;https:\/\/uztarroz.es\/wp-content\/uploads\/2024\/09\/icono-bandos-y-avisos.png&#8221; alt=&#8221;Bandoen eta oharren ikonoak&#8221; admin_label=&#8221;28\/07\/2025. Auzolana&#8221; _builder_version=&#8221;4.27.4&#8243; _dynamic_attributes=&#8221;url,link_option_url&#8221; _module_preset=&#8221;default&#8221; text_orientation=&#8221;center&#8221; link_option_url=&#8221;@ET-DC@eyJkeW5hbWljIjp0cnVlLCJjb250ZW50IjoicG9zdF9saW5rX3VybF9hdHRhY2htZW50Iiwic2V0dGluZ3MiOnsicG9zdF9pZCI6IjY3OSJ9fQ==@&#8221; link_option_url_new_window=&#8221;on&#8221; global_colors_info=&#8221;{}&#8221;]<\/p>\n<p>Auzolana<\/p>\n<p>[\/et_pb_blurb][\/et_pb_column][et_pb_column type=&#8221;1_5&#8243; _builder_version=&#8221;4.27.0&#8243; _module_preset=&#8221;default&#8221; global_colors_info=&#8221;{}&#8221;][et_pb_blurb title=&#8221;2025\/06\/04&#8243; url=&#8221;@ET-DC@eyJkeW5hbWljIjp0cnVlLCJjb250ZW50IjoicG9zdF9saW5rX3VybF9hdHRhY2htZW50Iiwic2V0dGluZ3MiOnsicG9zdF9pZCI6IjE3NjYifX0=@&#8221; url_new_window=&#8221;on&#8221; image=&#8221;https:\/\/uztarroz.es\/wp-content\/uploads\/2024\/09\/icono-bandos-y-avisos.png&#8221; alt=&#8221;Bandoen eta oharren ikonoak&#8221; admin_label=&#8221;04\/06\/2025. Mankomunitateko langile dialdia&#8221; _builder_version=&#8221;4.27.4&#8243; _dynamic_attributes=&#8221;url,link_option_url&#8221; _module_preset=&#8221;default&#8221; text_orientation=&#8221;center&#8221; link_option_url=&#8221;@ET-DC@eyJkeW5hbWljIjp0cnVlLCJjb250ZW50IjoicG9zdF9saW5rX3VybF9hdHRhY2htZW50Iiwic2V0dGluZ3MiOnsicG9zdF9pZCI6IjY3OSJ9fQ==@&#8221; link_option_url_new_window=&#8221;on&#8221; global_colors_info=&#8221;{}&#8221;]<\/p>\n<p>Mankomunitateko langile dialdia<\/p>\n<p>[\/et_pb_blurb][et_pb_blurb title=&#8221;2025\/08\/20&#8243; url=&#8221;@ET-DC@eyJkeW5hbWljIjp0cnVlLCJjb250ZW50IjoicG9zdF9saW5rX3VybF9hdHRhY2htZW50Iiwic2V0dGluZ3MiOnsicG9zdF9pZCI6IjE4MzgifX0=@&#8221; url_new_window=&#8221;on&#8221; image=&#8221;https:\/\/uztarroz.es\/wp-content\/uploads\/2024\/09\/icono-bandos-y-avisos.png&#8221; alt=&#8221;Bandoen eta oharren ikonoak&#8221; admin_label=&#8221;20\/08\/2025. Obrak plazan &#8211; ezin da aparkatu&#8221; _builder_version=&#8221;4.27.4&#8243; _dynamic_attributes=&#8221;url,link_option_url&#8221; _module_preset=&#8221;default&#8221; text_orientation=&#8221;center&#8221; link_option_url=&#8221;@ET-DC@eyJkeW5hbWljIjp0cnVlLCJjb250ZW50IjoicG9zdF9saW5rX3VybF9hdHRhY2htZW50Iiwic2V0dGluZ3MiOnsicG9zdF9pZCI6IjY3OSJ9fQ==@&#8221; link_option_url_new_window=&#8221;on&#8221; global_colors_info=&#8221;{}&#8221;]<\/p>\n<p>Obrak plazan &#8211; ezingo da aparkatu<\/p>\n<p>[\/et_pb_blurb][\/et_pb_column][et_pb_column type=&#8221;1_5&#8243; _builder_version=&#8221;4.27.0&#8243; _module_preset=&#8221;default&#8221; global_colors_info=&#8221;{}&#8221;][et_pb_blurb title=&#8221;2025\/07\/14&#8243; url=&#8221;@ET-DC@eyJkeW5hbWljIjp0cnVlLCJjb250ZW50IjoicG9zdF9saW5rX3VybF9hdHRhY2htZW50Iiwic2V0dGluZ3MiOnsicG9zdF9pZCI6IjE3NjkifX0=@&#8221; url_new_window=&#8221;on&#8221; image=&#8221;https:\/\/uztarroz.es\/wp-content\/uploads\/2024\/09\/icono-bandos-y-avisos.png&#8221; alt=&#8221;Bandoen eta oharren ikonoak&#8221; admin_label=&#8221;14\/07\/2025.  Kaleen garbiketa eta aparkalekuak&#8221; _builder_version=&#8221;4.27.4&#8243; _dynamic_attributes=&#8221;url,link_option_url&#8221; _module_preset=&#8221;default&#8221; text_orientation=&#8221;center&#8221; link_option_url=&#8221;@ET-DC@eyJkeW5hbWljIjp0cnVlLCJjb250ZW50IjoicG9zdF9saW5rX3VybF9hdHRhY2htZW50Iiwic2V0dGluZ3MiOnsicG9zdF9pZCI6IjY3OSJ9fQ==@&#8221; link_option_url_new_window=&#8221;on&#8221; global_colors_info=&#8221;{}&#8221;]<\/p>\n<p>Kaleen garbiketa eta aparkalekuak<\/p>\n<p>[\/et_pb_blurb][et_pb_blurb title=&#8221;2025\/08\/20&#8243; url=&#8221;@ET-DC@eyJkeW5hbWljIjp0cnVlLCJjb250ZW50IjoicG9zdF9saW5rX3VybF9hdHRhY2htZW50Iiwic2V0dGluZ3MiOnsicG9zdF9pZCI6IjE4NDMifX0=@&#8221; url_new_window=&#8221;on&#8221; image=&#8221;https:\/\/uztarroz.es\/wp-content\/uploads\/2024\/09\/icono-bandos-y-avisos.png&#8221; alt=&#8221;Bandoen eta oharren ikonoak&#8221; admin_label=&#8221;20\/08\/2025.  Auzolana&#8221; _builder_version=&#8221;4.27.4&#8243; _dynamic_attributes=&#8221;url,link_option_url&#8221; _module_preset=&#8221;default&#8221; text_orientation=&#8221;center&#8221; link_option_url=&#8221;@ET-DC@eyJkeW5hbWljIjp0cnVlLCJjb250ZW50IjoicG9zdF9saW5rX3VybF9hdHRhY2htZW50Iiwic2V0dGluZ3MiOnsicG9zdF9pZCI6IjY3OSJ9fQ==@&#8221; link_option_url_new_window=&#8221;on&#8221; global_colors_info=&#8221;{}&#8221;]<\/p>\n<p>Auzolana<\/p>\n<p>[\/et_pb_blurb][\/et_pb_column][\/et_pb_row][\/et_pb_section]<\/p>\n","protected":false},"excerpt":{"rendered":"<p>Herriko festak. Kale garbiketa eta aparkatzeaUr larrialdiaIbilgailuen azterketa teknikoaLazako errepidea ixteaEtxez-etxeko tamaina handiko hondakinen bilketa zerbitzuaM-8ko adierazpen instituzionalaHerri asanbladaZakardalZuhaitz mozketa Lazako errepideanErasoa herriko xeietanElizako obrakAparkalekuen kudeaketaAuzolanaMankomunitateko langile dialdiaObrak plazan &#8211; ezingo da aparkatuKaleen garbiketa eta aparkalekuakAuzolana<\/p>\n","protected":false},"author":1,"featured_media":771,"parent":0,"menu_order":0,"comment_status":"closed","ping_status":"closed","template":"","meta":{"_et_pb_use_builder":"on","_et_pb_old_content":"","_et_gb_content_width":"","footnotes":""},"class_list":["post-813","page","type-page","status-publish","has-post-thumbnail","hentry"],"_links":{"self":[{"href":"https:\/\/uztarroz.es\/eu\/wp-json\/wp\/v2\/pages\/813","targetHints":{"allow":["GET"]}}],"collection":[{"href":"https:\/\/uztarroz.es\/eu\/wp-json\/wp\/v2\/pages"}],"about":[{"href":"https:\/\/uztarroz.es\/eu\/wp-json\/wp\/v2\/types\/page"}],"author":[{"embeddable":true,"href":"https:\/\/uztarroz.es\/eu\/wp-json\/wp\/v2\/users\/1"}],"replies":[{"embeddable":true,"href":"https:\/\/uztarroz.es\/eu\/wp-json\/wp\/v2\/comments?post=813"}],"version-history":[{"count":18,"href":"https:\/\/uztarroz.es\/eu\/wp-json\/wp\/v2\/pages\/813\/revisions"}],"predecessor-version":[{"id":1876,"href":"https:\/\/uztarroz.es\/eu\/wp-json\/wp\/v2\/pages\/813\/revisions\/1876"}],"wp:featuredmedia":[{"embeddable":true,"href":"https:\/\/uztarroz.es\/eu\/wp-json\/wp\/v2\/media\/771"}],"wp:attachment":[{"href":"https:\/\/uztarroz.es\/eu\/wp-json\/wp\/v2\/media?parent=813"}],"curies":[{"name":"wp","href":"https:\/\/api.w.org\/{rel}","templated":true}]}}